{"id":44928,"date":"2021-06-21T16:55:00","date_gmt":"2021-06-21T14:55:00","guid":{"rendered":"https:\/\/www.boschapi.com\/?page_id=44928"},"modified":"2021-06-21T16:56:47","modified_gmt":"2021-06-21T14:56:47","slug":"politica-de-privacidad","status":"publish","type":"page","link":"https:\/\/www.boschapi.com\/es\/politica-de-privacidad\/","title":{"rendered":"Pol\u00edtica de privacidad"},"content":{"rendered":"<div class=\"traductor-textarea form-group\">\n<div class=\"textarea-desti col-xs-12 col-sm-6\">\n<div class=\"form-control second-textarea\">\n<p><strong>\u00bfQui\u00e9n es el responsable del Tratamiento de sus datos personales?<\/strong><\/p>\n<p>En cumplimiento del que establece el Reglamento (UE) 2016\/679 del Parlamento Europeo y del Consejo de 27 de abril del 2016 y la Ley Org\u00e1nica 3\/2018, de 5 de diciembre, de Protecci\u00f3n de Datos Personales y garant\u00eda de los derechos digitales, informamos que los datos de car\u00e1cter personal que nos proporcione ser\u00e1n tratadas por:<\/p>\n<p>DOLEXTUR\u00a0S.L., con CIF:B17136573, domicilio social a C\/ Enric Serra, 2, 17130 L&#8217;Escala,\u00a0Tel: 972 77 15 05, email: info@boschapi.com.<\/p>\n<p>FINQUES EMPORD\u00c0, S.L., con CIF: B-55301873, domicilio social a Avda. Riells 71B,\u00a0 17130 L&#8217;Escala,\u00a0\u00a0Tel: 678340152, email: femporda@boschapi.com.<\/p>\n<p>Ambas empresas referidas de ahora en adelante como LOS PROPIETARIOS.<\/p>\n<p><strong>Alcance de la pol\u00edtica de protecci\u00f3n de datos personales<\/strong><\/p>\n<p>Esta pol\u00edtica de protecci\u00f3n de datos de car\u00e1cter personal alcanza cualquier tratamiento de datos que pueda producirse al navegar o interaccionar por cualquiera de las p\u00e1ginas de nuestro sitio Web o las redes sociales en las que podamos tener presencia (Facebook, Twitter, Instagram, etc.).<\/p>\n<p>Al final de este documento se especifica informaci\u00f3n especial en el caso del uso de las redes sociales. Tambi\u00e9n se aplicar\u00e1 a cualquier procedimiento interno de LOS PROPIETARIOS que requiera la recogida de datos, ya sea en formularios en formado papel o cualquier otro sistema.\u00a0En cualquiera de estos medios, usted,\u00a0de ahora en adelante el USUARIO, puede consultar informaci\u00f3n, y en algunos casos llenar formularios, contestar encuestas, participar en concursos, realizar consultas, enviar fotograf\u00edas, hacer comentarios, etc. &#8230; y, por lo tanto, proporcionarnos informaci\u00f3n de datos de car\u00e1cter personal. Todos los tratamientos est\u00e1n sujetos a nuestra pol\u00edtica de privacidad.<\/p>\n<\/div>\n<\/div>\n<\/div>\n<div class=\"traductor-checkbox form-group\">\n<div class=\"row\">\n<div class=\"col-sm-5\">\n<p><strong>\u00bfQu\u00e9 tratamiento realizamos de sus datos personales?<\/strong><\/p>\n<table>\n<tbody>\n<tr>\n<td><strong>Tratamiento<\/strong><\/td>\n<td><strong>INFORMACI\u00d3N VENTAS<\/strong><\/td>\n<\/tr>\n<tr>\n<td><strong>Finalidad<\/strong><\/td>\n<td>Responder las peticiones de informaci\u00f3n de inmuebles en venta que se reciben desde los formularios incluidos en sus correspondientes p\u00e1ginas del sitio Web.<\/td>\n<\/tr>\n<tr>\n<td><strong>Categor\u00edas de datos<\/strong><\/td>\n<td>Personas que solicitan informaci\u00f3n.<\/td>\n<\/tr>\n<tr>\n<td><strong>Datos<\/strong><\/td>\n<td>Nombre, apellidos, tel\u00e9fono, email.<\/td>\n<\/tr>\n<tr>\n<td><strong>Legitimaci\u00f3n<\/strong><\/td>\n<td>Petici\u00f3n de informaci\u00f3n.<\/td>\n<\/tr>\n<tr>\n<td><strong>Procedencia<\/strong><\/td>\n<td>Del propio interesado.<\/td>\n<\/tr>\n<tr>\n<td><strong>Destinatarios<\/strong><\/td>\n<td>No se ceden los datos.<\/td>\n<\/tr>\n<tr>\n<td><strong>Tiempo de conservaci\u00f3n<\/strong><\/td>\n<td>El necesario para resolver la petici\u00f3n de informaci\u00f3n.<\/td>\n<\/tr>\n<tr>\n<td><strong>Transferencia internacional<\/strong><\/td>\n<td>No hay transferencia de datos internacional.<\/td>\n<\/tr>\n<\/tbody>\n<\/table>\n<p>&nbsp;<\/p>\n<table>\n<tbody>\n<tr>\n<td><strong>Tratamiento<\/strong><\/td>\n<td><strong>INFORMACI\u00d3N ALQUILERES<\/strong><\/td>\n<\/tr>\n<tr>\n<td><strong>Finalidad<\/strong><\/td>\n<td>Responder las peticiones de informaci\u00f3n de inmuebles en alquiler que se reciben desde los formularios incluidos en sus correspondientes p\u00e1ginas del sitio Web.<\/td>\n<\/tr>\n<tr>\n<td><strong>Categor\u00edas de datos<\/strong><\/td>\n<td>Personas que solicitan informaci\u00f3n.<\/td>\n<\/tr>\n<tr>\n<td><strong>Datos<\/strong><\/td>\n<td>Nombre, apellidos, tel\u00e9fono, email.<\/td>\n<\/tr>\n<tr>\n<td><strong>Legitimaci\u00f3n<\/strong><\/td>\n<td>Petici\u00f3n de informaci\u00f3n.<\/td>\n<\/tr>\n<tr>\n<td><strong>Procedencia<\/strong><\/td>\n<td>Del propio interesado.<\/td>\n<\/tr>\n<tr>\n<td><strong>Destinatarios<\/strong><\/td>\n<td>No se ceden los datos.<\/td>\n<\/tr>\n<tr>\n<td><strong>Tiempo de conservaci\u00f3n<\/strong><\/td>\n<td>El necesario para resolver la petici\u00f3n de informaci\u00f3n.<\/td>\n<\/tr>\n<tr>\n<td><strong>Transferencia internacional<\/strong><\/td>\n<td>No hay transferencia de datos internacional.<\/td>\n<\/tr>\n<\/tbody>\n<\/table>\n<p>&nbsp;<\/p>\n<table>\n<tbody>\n<tr>\n<td><strong>Tratamiento<\/strong><\/td>\n<td><strong>INFORMACI\u00d3N GENERAL<\/strong><\/td>\n<\/tr>\n<tr>\n<td><strong>Finalidad<\/strong><\/td>\n<td>Responder las peticiones de informaci\u00f3n recibidas desde los formularios gen\u00e9ricos del sitio Web.<\/td>\n<\/tr>\n<tr>\n<td><strong>Categor\u00edas de datos<\/strong><\/td>\n<td>Personas que solicitan informaci\u00f3n.<\/td>\n<\/tr>\n<tr>\n<td><strong>Datos<\/strong><\/td>\n<td>Nombre, apellidos, tel\u00e9fono, email.<\/td>\n<\/tr>\n<tr>\n<td><strong>Legitimaci\u00f3n<\/strong><\/td>\n<td>Petici\u00f3n de informaci\u00f3n.<\/td>\n<\/tr>\n<tr>\n<td><strong>Procedencia<\/strong><\/td>\n<td>Del propio interesado.<\/td>\n<\/tr>\n<tr>\n<td><strong>Destinatarios<\/strong><\/td>\n<td>No se ceden los datos.<\/td>\n<\/tr>\n<tr>\n<td><strong>Tiempo de conservaci\u00f3n<\/strong><\/td>\n<td>El necesario para resolver la petici\u00f3n de informaci\u00f3n.<\/td>\n<\/tr>\n<tr>\n<td><strong>Transferencia internacional<\/strong><\/td>\n<td>No hay transferencia de datos internacional.<\/td>\n<\/tr>\n<\/tbody>\n<\/table>\n<p>&nbsp;<\/p>\n<table>\n<tbody>\n<tr>\n<td><strong>Tratamiento<\/strong><\/td>\n<td><strong>BOLET\u00cdN DE NOTICIAS<\/strong><\/td>\n<\/tr>\n<tr>\n<td><strong>Finalidad<\/strong><\/td>\n<td>Enviar informaci\u00f3 i novetats relatives al lloguer vacacional i\/o venda immobili\u00e0ria.<\/td>\n<\/tr>\n<tr>\n<td><strong>Categor\u00edas de datos<\/strong><\/td>\n<td>Personas que solicitan informaci\u00f3n.<\/td>\n<\/tr>\n<tr>\n<td><strong>Datos<\/strong><\/td>\n<td>Email.<\/td>\n<\/tr>\n<tr>\n<td><strong>Legitimaci\u00f3n<\/strong><\/td>\n<td>Petici\u00f3n de informaci\u00f3n.<\/td>\n<\/tr>\n<tr>\n<td><strong>Procedencia<\/strong><\/td>\n<td>Del propio interesado.<\/td>\n<\/tr>\n<tr>\n<td><strong>Destinatarios<\/strong><\/td>\n<td>No se ceden los datos.<\/td>\n<\/tr>\n<tr>\n<td><strong>Tiempo de conservaci\u00f3n<\/strong><\/td>\n<td>El necesario para resolver la petici\u00f3n de informaci\u00f3n.<\/td>\n<\/tr>\n<tr>\n<td><strong>Transferencia internacional<\/strong><\/td>\n<td>\u00a0No hay transferencia de datos internacional.<\/td>\n<\/tr>\n<\/tbody>\n<\/table>\n<p>Su consentimiento puede ser revocado en cualquier momento.\u00a0LOS PROPIETARIOS utilizan herramientas para analizar perfiles, comportamientos o preferencias de los usuarios y posteriormente realizar campa\u00f1as dirigidas en funci\u00f3n de estos datos.<\/p>\n<p><strong>\u00bfPor qu\u00e9 raz\u00f3n utilizamos sus datos personales?<\/strong><\/p>\n<p>A continuaci\u00f3n explicamos la base legal que nos permite tratar sus datos personales:<\/p>\n<ol>\n<li>En cumplimiento de una relaci\u00f3n contractual.<\/li>\n<li>Cuando nos da su consentimiento.<\/li>\n<li>Por inter\u00e9s leg\u00edtimo de LOS PROPIETARIOS para mostrar-servicios, productos e iniciativas que puedan interesar.<\/li>\n<li>Cumplimiento de obligaciones impuestas por ley.<\/li>\n<\/ol>\n<p>Le recordamos que se puede revocar su consentimiento en cualquier momento a las siguientes direcciones:<\/p>\n<ul>\n<li>Ventas: info@boschapi.com<\/li>\n<li>Alquileres: femporda@boschapi.com<\/li>\n<\/ul>\n<p><strong>Publicaciones de fotos o videos al sitio web o en las redes sociales<\/strong><\/p>\n<p>Para la publicaci\u00f3n de fotograf\u00edas o videos de nuestros trabajadores, clientes, usuarios o menores al sitio web o redes sociales, igual que para recopilar datos para realizar un concurso o tratar cualquier otro dato personal, previamente obtenemos el consentimiento previo, expl\u00edcito, indiscutible e informado del titular que, en el caso de los menores de 14 a\u00f1os, se otorga por los padres o tutores legales.\u00a0El tratamiento de estas fotos, acata el principio de proporcionalidad, es decir, solo se tratan estrictamente para la finalidad para la cual se ha prestado el consentimiento.<\/p>\n<p><strong>Datos no pertinentes<\/strong><\/p>\n<p>LOS PROPIETARIOS advierten al USUARIO que, excluyendo la existencia de una representaci\u00f3n legalmente constituida, ning\u00fan USUARIO puede utilizar la identidad de otra persona y comunicar sus datos personales, de forma que el USUARIO en todo momento tendr\u00e1 que tener en cuenta que solo puede proporcionar datos personales correspondientes a su propia identidad y que sean adecuados, pertinentes, actuales, exactas y veraces.<\/p>\n<p><strong>\u00bfCu\u00e1nto de tiempo conservaremos sus datos?<\/strong><\/p>\n<p>LOS PROPIETARIOS guardan sus Datos Personales mientras sea necesario para el fin para el cual fueron recopilados. Si la directriz es diferente de la indicada en esta pol\u00edtica se detalla en el documento pertinente.<\/p>\n<p><strong>\u00bfA qui\u00e9n comunicaremos sus datos?<\/strong><\/p>\n<p>LOS PROPIETARIOS solo ceder\u00e1n sus datos en aquellos servicios en que se indica y en los casos previstos por una ley. No se realizar\u00e1n transferencias internacionales de sus datos personales.\u00a0En el caso de las redes sociales, toda la informaci\u00f3n y contenidos publicados por el USUARIO ser\u00e1n objeto de comunicaci\u00f3n y compartidos con el resto de los usuarios que consulten esta red social, por la propia naturaleza del servicio.<\/p>\n<p><strong>Medidas de seguridad<\/strong><\/p>\n<p>LOS PROPIETARIOS aseguran la absoluta confidencialidad y privacidad de los datos personales recogidos y por eso se han adoptado medidas esenciales de seguridad para evitar la alteraci\u00f3n, p\u00e9rdida, tratamiento o acceso no autorizado y garantizar as\u00ed su integridad y seguridad. El USUARIO se compromete a hacer un uso diligente y a no poner a disposici\u00f3n de terceros su nombre de usuario y contrase\u00f1a, as\u00ed mismo se compromete a informar a los PROPIETARIOS de cualquier, robo, p\u00e9rdida o riesgo de acceso de terceros a su usuario.<\/p>\n<p><strong>\u00bfCu\u00e1les son sus derechos cuando nos facilita sus datos personales?<\/strong><\/p>\n<table>\n<tbody>\n<tr>\n<td><strong>DERECHO<\/strong><\/td>\n<td><strong>CONTENIDO<\/strong><\/td>\n<td><strong>CANAL DE ATENCI\u00d3N: VENTAS<\/strong><\/td>\n<td><strong>CANAL DE ATENCI\u00d3N: ALQUILERES<\/strong><\/td>\n<\/tr>\n<tr>\n<td>Acceso<\/td>\n<td>Podr\u00e1 consultar los datos personales gestionados por LOS PROPIETARIOS.<\/td>\n<td rowspan=\"6\">&nbsp;<\/p>\n<p>info@boschapi.com<\/td>\n<td rowspan=\"6\">&nbsp;<\/p>\n<p><sub>\u00a0<\/sub>femporda@boschapi.com<\/td>\n<\/tr>\n<tr>\n<td>Rectificaci\u00f3n<\/td>\n<td>Podr\u00e1 modificar sus datos cuando no sean correctos.<\/td>\n<\/tr>\n<tr>\n<td>Supresi\u00f3n<\/td>\n<td>Podr\u00e1 pedir la eliminaci\u00f3n de los datos de car\u00e1cter personal.<\/td>\n<\/tr>\n<tr>\n<td>Oposici\u00f3n<\/td>\n<td>Podr\u00e1 pedir que no se traten sus datos de car\u00e1cter personal.<\/td>\n<\/tr>\n<tr>\n<td>Limitaci\u00f3n del tratamiento<\/td>\n<td>Se puede solicitar la limitaci\u00f3n cu\u00e1ndo :<\/p>\n<ul>\n<li>Se comprueba la impugnaci\u00f3n a la exactitud de tus datos.<\/li>\n<li>Cuando no necesitamos tratar sus datos, pero usted los necesite por el ejercicio o defensa de reclamaciones o derechos.<\/li>\n<\/ul>\n<\/td>\n<\/tr>\n<tr>\n<td>Portabilidad<\/td>\n<td>Podr\u00e1 recibir en formato electr\u00f3nico los datos que nos haya facilitado.<\/td>\n<\/tr>\n<tr>\n<td colspan=\"4\">Si considera que no hemos tratado sus datos personales de acuerdo con la normativa puede presentar una reclamaci\u00f3n a la Agencia Espa\u00f1ola de Protecci\u00f3n de Datos (<strong><a href=\"http:\/\/www.agpd.es\">www.agpd.es<\/a><\/strong>).<\/p>\n<p>Para ejercitar sus derechos acompa\u00f1e su solicitud con una copia del DNI o documento similar.<\/p>\n<p>El ejercicio de sus derechos se gratuito.<\/td>\n<\/tr>\n<\/tbody>\n<\/table>\n<p><strong>Redes sociales<\/strong><\/p>\n<p>El funcionamiento de las redes sociales no est\u00e1 bajo el control directo de LOS PROPIETARIOS y por tanto la informaci\u00f3n que usted publique ser\u00e1 compartida por todos los usuarios que las consulten. As\u00ed mismo, estas redes permiten la interacci\u00f3n con otros usuarios, y por tanto, a continuaci\u00f3n, se detallan unas reglas para el buen uso que tiene que tener en cuenta.<\/p>\n<p>El objeto de la utilizaci\u00f3n de las redes sociales es dar visibilidad y difusi\u00f3n de los productos que desarrollan LOS PROPIETARIOS.<\/p>\n<p>En principio, se aplica la misma pol\u00edtica de protecci\u00f3n de datos especificada en este documento, en cuanto a la recogida, tratamiento y cesi\u00f3n de datos.\u00a0El USUARIO se tiene que comprometer a:<\/p>\n<ul>\n<li>No publicar informaciones que no respondan a los requisitos de veracidad, inter\u00e9s p\u00fablico y respecto a la dignidad de las personas. Especialmente, el USUARIO tendr\u00e1 que evitar toda conducta que pueda atentar contra el principio de no discriminaci\u00f3n por razones de sexo, raza, religi\u00f3n, ideolog\u00eda o cualquier otro circunstancia personal o social, y contra la intimidad, el honor y la propia imagen, siendo el responsable final sobre la veracidad y legalidad de los contenidos que publique.<\/li>\n<li>No grabar ni publicar im\u00e1genes, videos o cualquier otro tipo de registro sin el consentimiento de los afectados. LOS PROPIETARIOS no se identifican con las opiniones expresadas por otros ni con la ideolog\u00eda de los perfiles con los cuales tenga amistad en ninguna red social. LOS PROPIETARIOS se reservan el derecho de eliminar de sus redes sociales cualquier informaci\u00f3n publicada por otros que vulnere la legalidad, incite a hacerlo, o contenga mensajes que atenten contra la dignidad de personas o instituciones. As\u00ed como de bloquear o denunciar el perfil autor de estos mensajes.<\/li>\n<\/ul>\n<p><strong>Recomendaciones a los usuarios:<\/strong><\/p>\n<ul>\n<li>Revise y lea las condiciones generales de uso y la pol\u00edtica de privacidad de la red social en el momento de registrarse.<\/li>\n<li>Aprender las posibilidades de configuraci\u00f3n y uso que la red ofrezca.<\/li>\n<li>Configure adecuadamente el grado de privacidad del perfil de usuario en la red social.<\/li>\n<li>No publique informaci\u00f3n excesiva sobre su vida personal y familiar.<\/li>\n<li>Tenga cuidado con la publicaci\u00f3n de contenidos audiovisuales y gr\u00e1ficos en su perfil, especialmente si se alojar\u00e1n im\u00e1genes relativas en terceras personas.<\/li>\n<li>No ofrezca datos de terceros sin el previo consentimiento de estos.<\/li>\n<\/ul>\n<p><strong>Las redes sociales gestionadas por los PROPIETARIOS son:<\/strong><\/p>\n<ul>\n<li>Facebook: https:\/\/www.facebook.com\/boschapi\/<\/li>\n<li>Instagram:\u00a0https:\/\/instagram.com\/femporda<\/li>\n<\/ul>\n<\/div>\n<\/div>\n<\/div>\n","protected":false},"excerpt":{"rendered":"<p>\u00bfQui\u00e9n es el responsable del Tratamiento de sus datos personales? En cumplimiento del que establece el Reglamento (UE) 2016\/679 del Parlamento Europeo y del Consejo de 27 de abril del 2016 y la Ley Org\u00e1nica 3\/2018, de 5 de diciembre, de Protecci\u00f3n de Datos Personales y garant\u00eda de los derechos digitales, informamos que los datos [&hellip;]<\/p>\n","protected":false},"author":3,"featured_media":0,"parent":0,"menu_order":0,"comment_status":"closed","ping_status":"closed","template":"","meta":[],"acf":[],"yoast_head":"<!-- This site is optimized with the Yoast SEO plugin v20.1 - https:\/\/yoast.com\/wordpress\/plugins\/seo\/ -->\n<title>Pol\u00edtica de privacidad | Bosch API<\/title>\n<meta name=\"description\" content=\"\u00bfQui\u00e9n es el responsable del Tratamiento de sus datos personales? En cumplimiento del que establece el Reglamento (UE) 2016\/679 del Parlamento Europeo y\" \/>\n<meta name=\"robots\" content=\"index, follow, max-snippet:-1, max-image-preview:large, max-video-preview:-1\" \/>\n<link rel=\"canonical\" href=\"https:\/\/www.boschapi.com\/politica-de-privacitat\/\" \/>\n<meta property=\"og:locale\" content=\"es_ES\" \/>\n<meta property=\"og:type\" content=\"article\" \/>\n<meta property=\"og:title\" content=\"Pol\u00edtica de privacidad | Bosch API\" \/>\n<meta property=\"og:description\" content=\"\u00bfQui\u00e9n es el responsable del Tratamiento de sus datos personales? En cumplimiento del que establece el Reglamento (UE) 2016\/679 del Parlamento Europeo y\" \/>\n<meta property=\"og:url\" content=\"https:\/\/www.boschapi.com\/politica-de-privacitat\/\" \/>\n<meta property=\"og:site_name\" content=\"Bosch API\" \/>\n<meta property=\"article:modified_time\" content=\"2021-06-21T14:56:47+00:00\" \/>\n<meta name=\"twitter:card\" content=\"summary_large_image\" \/>\n<meta name=\"twitter:label1\" content=\"Tiempo de lectura\" \/>\n\t<meta name=\"twitter:data1\" content=\"9 minutos\" \/>\n<script type=\"application\/ld+json\" class=\"yoast-schema-graph\">{\"@context\":\"https:\/\/schema.org\",\"@graph\":[{\"@type\":\"WebPage\",\"@id\":\"https:\/\/www.boschapi.com\/politica-de-privacitat\/\",\"url\":\"https:\/\/www.boschapi.com\/politica-de-privacitat\/\",\"name\":\"Pol\u00edtica de privacidad | Bosch API\",\"isPartOf\":{\"@id\":\"https:\/\/www.boschapi.com\/fr\/#website\"},\"datePublished\":\"2021-06-21T14:55:00+00:00\",\"dateModified\":\"2021-06-21T14:56:47+00:00\",\"description\":\"\u00bfQui\u00e9n es el responsable del Tratamiento de sus datos personales? En cumplimiento del que establece el Reglamento (UE) 2016\/679 del Parlamento Europeo y\",\"breadcrumb\":{\"@id\":\"https:\/\/www.boschapi.com\/politica-de-privacitat\/#breadcrumb\"},\"inLanguage\":\"es\",\"potentialAction\":[{\"@type\":\"ReadAction\",\"target\":[\"https:\/\/www.boschapi.com\/politica-de-privacitat\/\"]}]},{\"@type\":\"BreadcrumbList\",\"@id\":\"https:\/\/www.boschapi.com\/politica-de-privacitat\/#breadcrumb\",\"itemListElement\":[{\"@type\":\"ListItem\",\"position\":1,\"name\":\"Inici\",\"item\":\"https:\/\/www.boschapi.com\/fr\/\"},{\"@type\":\"ListItem\",\"position\":2,\"name\":\"Pol\u00edtica de privacidad\"}]},{\"@type\":\"WebSite\",\"@id\":\"https:\/\/www.boschapi.com\/fr\/#website\",\"url\":\"https:\/\/www.boschapi.com\/fr\/\",\"name\":\"Bosch API\",\"description\":\"Compra venda i lloguer de cases i apartaments a l&#039;Escala\",\"potentialAction\":[{\"@type\":\"SearchAction\",\"target\":{\"@type\":\"EntryPoint\",\"urlTemplate\":\"https:\/\/www.boschapi.com\/fr\/?s={search_term_string}\"},\"query-input\":\"required name=search_term_string\"}],\"inLanguage\":\"es\"}]}<\/script>\n<!-- \/ Yoast SEO plugin. -->","yoast_head_json":{"title":"Pol\u00edtica de privacidad | Bosch API","description":"\u00bfQui\u00e9n es el responsable del Tratamiento de sus datos personales? En cumplimiento del que establece el Reglamento (UE) 2016\/679 del Parlamento Europeo y","robots":{"index":"index","follow":"follow","max-snippet":"max-snippet:-1","max-image-preview":"max-image-preview:large","max-video-preview":"max-video-preview:-1"},"canonical":"https:\/\/www.boschapi.com\/politica-de-privacitat\/","og_locale":"es_ES","og_type":"article","og_title":"Pol\u00edtica de privacidad | Bosch API","og_description":"\u00bfQui\u00e9n es el responsable del Tratamiento de sus datos personales? En cumplimiento del que establece el Reglamento (UE) 2016\/679 del Parlamento Europeo y","og_url":"https:\/\/www.boschapi.com\/politica-de-privacitat\/","og_site_name":"Bosch API","article_modified_time":"2021-06-21T14:56:47+00:00","twitter_card":"summary_large_image","twitter_misc":{"Tiempo de lectura":"9 minutos"},"schema":{"@context":"https:\/\/schema.org","@graph":[{"@type":"WebPage","@id":"https:\/\/www.boschapi.com\/politica-de-privacitat\/","url":"https:\/\/www.boschapi.com\/politica-de-privacitat\/","name":"Pol\u00edtica de privacidad | Bosch API","isPartOf":{"@id":"https:\/\/www.boschapi.com\/fr\/#website"},"datePublished":"2021-06-21T14:55:00+00:00","dateModified":"2021-06-21T14:56:47+00:00","description":"\u00bfQui\u00e9n es el responsable del Tratamiento de sus datos personales? En cumplimiento del que establece el Reglamento (UE) 2016\/679 del Parlamento Europeo y","breadcrumb":{"@id":"https:\/\/www.boschapi.com\/politica-de-privacitat\/#breadcrumb"},"inLanguage":"es","potentialAction":[{"@type":"ReadAction","target":["https:\/\/www.boschapi.com\/politica-de-privacitat\/"]}]},{"@type":"BreadcrumbList","@id":"https:\/\/www.boschapi.com\/politica-de-privacitat\/#breadcrumb","itemListElement":[{"@type":"ListItem","position":1,"name":"Inici","item":"https:\/\/www.boschapi.com\/fr\/"},{"@type":"ListItem","position":2,"name":"Pol\u00edtica de privacidad"}]},{"@type":"WebSite","@id":"https:\/\/www.boschapi.com\/fr\/#website","url":"https:\/\/www.boschapi.com\/fr\/","name":"Bosch API","description":"Compra venda i lloguer de cases i apartaments a l&#039;Escala","potentialAction":[{"@type":"SearchAction","target":{"@type":"EntryPoint","urlTemplate":"https:\/\/www.boschapi.com\/fr\/?s={search_term_string}"},"query-input":"required name=search_term_string"}],"inLanguage":"es"}]}},"_links":{"self":[{"href":"https:\/\/www.boschapi.com\/es\/wp-json\/wp\/v2\/pages\/44928"}],"collection":[{"href":"https:\/\/www.boschapi.com\/es\/wp-json\/wp\/v2\/pages"}],"about":[{"href":"https:\/\/www.boschapi.com\/es\/wp-json\/wp\/v2\/types\/page"}],"author":[{"embeddable":true,"href":"https:\/\/www.boschapi.com\/es\/wp-json\/wp\/v2\/users\/3"}],"replies":[{"embeddable":true,"href":"https:\/\/www.boschapi.com\/es\/wp-json\/wp\/v2\/comments?post=44928"}],"version-history":[{"count":1,"href":"https:\/\/www.boschapi.com\/es\/wp-json\/wp\/v2\/pages\/44928\/revisions"}],"predecessor-version":[{"id":44933,"href":"https:\/\/www.boschapi.com\/es\/wp-json\/wp\/v2\/pages\/44928\/revisions\/44933"}],"wp:attachment":[{"href":"https:\/\/www.boschapi.com\/es\/wp-json\/wp\/v2\/media?parent=44928"}],"curies":[{"name":"wp","href":"https:\/\/api.w.org\/{rel}","templated":true}]}}